{"id":25,"date":"2024-11-26T09:14:47","date_gmt":"2024-11-26T08:14:47","guid":{"rendered":"https:\/\/www.fegs-oftersheim.de\/?page_id=25"},"modified":"2025-02-10T08:29:31","modified_gmt":"2025-02-10T07:29:31","slug":"datenschutz","status":"publish","type":"page","link":"https:\/\/www.fegs-oftersheim.de\/index.php\/datenschutz\/","title":{"rendered":""},"content":{"rendered":"\n<p><\/p>\n\n\n\n<h1 class=\"wp-block-heading\">Urheberrecht<\/h1>\n\n\n\n<h4 class=\"wp-block-heading\">Rechtliche Hinweise:<\/h4>\n\n\n\n<p>Das Layout der Homepage, die verwendeten Grafiken sowie Beitr\u00e4ge und Bilder sind urheberrechtlich gesch\u00fctzt. Jede Verwertung au\u00dferhalb der Grenzen des Urheberrechtsgesetzes ist ohne Genehmigung unzul\u00e4ssig. Texte, Bilder, Grafiken und Fotos sowie die Gestaltung dieser Internetseiten unterliegen dem Urheberrecht. Sie d\u00fcrfen von Ihnen nur zum privaten und sonstigen eigenen Gebrauch im Rahmen des \u00a7 53 Urheberrechtsgesetz (UrhG) ohne jede \u00c4nderung vervielf\u00e4ltigt werden. Eine Verbreitung von Kopien (analog oder digital) oder Ausz\u00fcgen ist nur mit schriftlicher Genehmigung zul\u00e4ssig. Der Nachdruck und die Auswertung von Pressemitteilungen und Reden sind mit Quellenangabe gestattet.<br>Texte, Bilder, Grafiken und sonstige Materialien k\u00f6nnen ganz oder teilweise dem Urheberrecht Dritter unterliegen. Die Inhalte Dritter sind als solche kenntlich gemacht und d\u00fcrfen ohne Einwilligung des Rechteinhabers nicht vervielf\u00e4ltigt, \u00f6ffentlich zug\u00e4nglich gemacht oder \u00f6ffentlich wiedergegeben werden.<\/p>\n\n\n\n<h4 class=\"wp-block-heading\">Haftungsausschluss<\/h4>\n\n\n\n<p>Die Informationen, die Sie auf diesem Internetauftritt vorfinden, wurden nach bestem Wissen und Gewissen sorgf\u00e4ltig zusammengestellt und gepr\u00fcft. F\u00fcr die Richtigkeit, Vollst\u00e4ndigkeit, Aktualit\u00e4t oder Qualit\u00e4t und jederzeitige Verf\u00fcgbarkeit der bereit gestellten Informationen wird jedoch keine Gew\u00e4hr \u00fcbernommen.<br>Diensteanbieter sind gem\u00e4\u00df \u00a7 7 Abs.1 TMG f\u00fcr eigene Inhalte auf diesen Seiten nach den allgemeinen Gesetzen verantwortlich. Diensteanbieter sind jedoch nicht verpflichtet, \u00fcbermittelte oder gespeicherte fremde Informationen zu \u00fcberwachen oder nach Umst\u00e4nden zu forschen, die auf eine rechtswidrige T\u00e4tigkeit hinweisen. Verpflichtungen zur Entfernung oder Sperrung der Nutzung von Informationen nach den allgemeinen Gesetzen bleiben hiervon unber\u00fchrt.<br>Dieser Internetauftritt enth\u00e4lt auch Links oder Verweise auf Internetauftritte Dritter. Diese Links zu den Internetauftritten Dritter stellen keine Zustimmung zu deren Inhalten durch den Herausgeber dar.<br>F\u00fcr die Inhalte der externen Links sind die jeweiligen Anbieter oder Betreiber (Urheber) der Seiten verantwortlich. Mit den Links zu anderen Internetauftritten wird den Nutzern lediglich der Zugang zur Nutzung der Inhalte vermittelt.<br>Die externen Links wurden zum Zeitpunkt der Linksetzung nach bestem Wissen und Gewissen auf eventuelle Rechtsverst\u00f6\u00dfe \u00fcberpr\u00fcft. Eine st\u00e4ndige inhaltliche \u00dcberpr\u00fcfung der externen Links ist ohne konkrete Anhaltspunkte einer Rechtsverletzung nicht m\u00f6glich. Bei Verlinkungen auf die Webseiten Dritter, die au\u00dferhalb des Verantwortungsbereichs des Herausgebers liegen, w\u00fcrde eine Haftungsverpflichtung nur bestehen, wenn der Herausgeber von den rechtswidrigen Inhalten Kenntnis erlangen und es technisch m\u00f6glich und zumutbar w\u00e4re, die Nutzung dieser Inhalte zu verhindern. Sollten Sie der Ansicht sein, dass die verlinkten externen Seiten gegen gelten-des Recht versto\u00dfen oder sonst unangemessene Inhalte haben, so teilen Sie uns dies bitte mit.<\/p>\n\n\n\n<h1 class=\"wp-block-heading\">Datenschutz<\/h1>\n\n\n\n<h4 class=\"wp-block-heading\">1. Verantwortlicher und Datenschutzbeauftragter<\/h4>\n\n\n\n<p>1.1 Verantwortlicher gem. Art. 4 Abs 7 EU-Datenschutz-Grundverordnung (EU-DSGVO) ist<\/p>\n\n\n\n<p>Rektor Sascha Barembruch<\/p>\n\n\n\n<p>Mannheimer Str. 51<\/p>\n\n\n\n<p>68723 Oftersheim<\/p>\n\n\n\n<p>Telefon: 06202 597151<\/p>\n\n\n\n<p>E-Mail:&nbsp;info@fegs-oftersheim.de<\/p>\n\n\n\n<p><\/p>\n\n\n\n<p>1.2 Unseren <strong>Datenschutzbeauftragten <\/strong>erreichen Sie unter&nbsp;<\/p>\n\n\n\n<p>Landesbeauftragte f\u00fcr den Datenschutz und die Informationsfreiheit (LfDI) Baden-W\u00fcrttemberg<\/p>\n\n\n\n<p>Lautenschlagerstr. 20<\/p>\n\n\n\n<p>70173 Stuttgart&nbsp;<\/p>\n\n\n\n<p>Sie erreichen den LfDI Baden-W\u00fcrttemberg auch \u00fcber&nbsp;<a href=\"https:\/\/www.baden-wuerttemberg.datenschutz.de\/\">https:\/\/www.baden-wuerttemberg.datenschutz.de\/<\/a><\/p>\n\n\n\n<p><\/p>\n\n\n\n<h4 class=\"wp-block-heading\">2. Information \u00fcber die Erhebung personenbezogener Daten, Speicherdauer<\/h4>\n\n\n\n<p>2.1 Im Folgenden informieren wir \u00fcber die Erhebung personenbezogener Daten bei Nutzung unserer Website. Personenbezogene Daten sind alle Daten, die auf Sie pers\u00f6nlich beziehbar sind, z. B. Name, Adresse, E-Mail-Adressen, Nutzerverhalten.<\/p>\n\n\n\n<p>2.2 Bei Ihrer Kontaktaufnahme mit uns per E-Mail werden die von Ihnen mitgeteilten Daten (Ihre E-Mail-Adresse, ggf. Ihr Name und Ihre Telefonnummer) von uns gespeichert, um Ihre Fragen zu beantworten. Die in diesem Zusammenhang anfallenden Daten l\u00f6schen wir, nachdem die Speicherung nicht mehr erforderlich ist, oder schr\u00e4nken die Verarbeitung ein, falls gesetzliche Aufbewahrungspflichten bestehen.<\/p>\n\n\n\n<p>2.3 Falls wir f\u00fcr einzelne Funktionen unseres Angebots auf beauftragte Dienstleister zur\u00fcckgreifen oder Ihre Daten f\u00fcr werbliche Zwecke nutzen m\u00f6chten, werden wir Sie untenstehend im Detail \u00fcber die jeweiligen Vorg\u00e4nge informieren. Dabei nennen wir auch die festgelegten Kriterien der Speicherdauer.<\/p>\n\n\n\n<h4 class=\"wp-block-heading\">&nbsp;<\/h4>\n\n\n\n<h4 class=\"wp-block-heading\">3. Ihre Rechte<\/h4>\n\n\n\n<p>3.1 Sie haben gegen\u00fcber uns folgende Rechte hinsichtlich der Sie betreffenden personenbezogenen Daten:<\/p>\n\n\n\n<ul class=\"wp-block-list\">\n<li>Recht auf Auskunft,<\/li>\n\n\n\n<li>Recht auf Berichtigung oder L\u00f6schung,<\/li>\n\n\n\n<li>Recht auf Einschr\u00e4nkung der Verarbeitung,<\/li>\n\n\n\n<li>Recht auf Widerspruch gegen die Verarbeitung,<\/li>\n\n\n\n<li>Recht auf Daten\u00fcbertragbarkeit.<\/li>\n<\/ul>\n\n\n\n<p>3.2 Sie haben zudem das Recht, sich bei einer Datenschutz-Aufsichtsbeh\u00f6rde \u00fcber die Verarbeitung Ihrer personenbezogenen Daten durch uns zu beschweren. Die Datenschutzaufsichtsbeh\u00f6rde ist der Landesbeauftragte f\u00fcr den Datenschutz und die Informationsfreiheit (LfDI), K\u00f6nigstrasse 10a, 70173 Stuttgart<\/p>\n\n\n\n<p>3.4 Werden personenbezogene Daten an ein Drittland oder an eine internationale Organisation \u00fcbermittelt, so haben Sie das Recht, \u00fcber die geeigneten Garantien gem\u00e4\u00df Art. 46 EU-DSGVO im Zusammenhang mit der \u00dcbermittlung unterrichtet zu werden.<\/p>\n\n\n\n<h4 class=\"wp-block-heading\">&nbsp;<\/h4>\n\n\n\n<h4 class=\"wp-block-heading\">4. Erhebung und Zweck personenbezogener Daten bei Besuch unserer Website<\/h4>\n\n\n\n<p>4.1 Bei der blo\u00df informatorischen Nutzung der Website, also wenn Sie sich nicht registrieren oder uns anderweitig Informationen \u00fcbermitteln, erheben wir nur die personenbezogenen Daten, die Ihr Browser an unseren Server \u00fcbermittelt. Wenn Sie unsere Website betrachten m\u00f6chten, werden die folgenden Daten erhoben, die f\u00fcr die Host Europe Group als Betreiber des Webservers und uns technisch erforderlich sind, um Ihnen unsere Website anzuzeigen und die Stabilit\u00e4t und Sicherheit zu gew\u00e4hrleisten (Rechtsgrundlage ist Art. 6 Abs. 1 S. 1 lit. f EU-DSGVO):<\/p>\n\n\n\n<p>Die Host Europe Group als Betreiber des Webservers erfasst folgende Daten:<\/p>\n\n\n\n<ul class=\"wp-block-list\">\n<li>Browsertyp und Browserversion<\/li>\n\n\n\n<li>verwendetes Betriebssystem<\/li>\n\n\n\n<li>Referrer URL<\/li>\n\n\n\n<li>Hostname des zugreifenden Rechners<\/li>\n\n\n\n<li>Uhrzeit der Serveranfrage<\/li>\n\n\n\n<li>IP-Adresse<\/li>\n<\/ul>\n\n\n\n<p>Eine Zusammenf\u00fchrung dieser Daten mit anderen Datenquellen wird nicht vorgenommen.<\/p>\n\n\n\n<p>Die Erfassung dieser Daten erfolgt auf Grundlage von Art. 6 Abs. 1 lit. f DSGVO. Der Websitebetreiber hat ein berechtigtes Interesse an der technisch fehlerfreien Darstellung und der Optimierung seiner Website \u2013 hierzu m\u00fcssen die Server-Log-Files erfasst werden.<\/p>\n\n\n\n<p>4.2 Zus\u00e4tzlich zu den zuvor genannten Daten werden bei Ihrer Nutzung unserer Website Cookies auf Ihrem Rechner gespeichert. Bei Cookies handelt es sich um kleine Textdateien, die auf Ihrer Festplatte dem von Ihnen verwendeten Browser zugeordnet gespeichert werden und durch welche der Stelle, die den Cookie setzt (hier durch uns), bestimmte Informationen zuflie\u00dfen. Cookies k\u00f6nnen keine Programme ausf\u00fchren oder Viren auf Ihren Computer \u00fcbertragen. Sie dienen dazu, das Internetangebot insgesamt nutzerfreundlicher und effektiver zu machen.<\/p>\n\n\n\n<p>4.3 Einsatz von Cookies :<\/p>\n\n\n\n<p>a) Diese Website nutzt folgende Arten von Cookies, deren Umfang und Funktionsweise im Folgenden erl\u00e4utert werden:<\/p>\n\n\n\n<p>\u2013 Transiente Cookies (dazu b)<\/p>\n\n\n\n<p>\u2013 Persistente Cookies (dazu c).<\/p>\n\n\n\n<p>b) Transiente Cookies werden automatisiert gel\u00f6scht, wenn Sie den Browser schlie\u00dfen. Dazu z\u00e4hlen insbesondere die Session-Cookies. Diese speichern eine sogenannte Session-ID, mit welcher sich verschiedene Anfragen Ihres Browsers der gemeinsamen Sitzung zuordnen lassen. Dadurch kann Ihr Rechner wiedererkannt werden, wenn Sie auf unsere Website zur\u00fcckkehren. Die Session-Cookies werden gel\u00f6scht, wenn Sie sich ausloggen oder den Browser schlie\u00dfen.<\/p>\n\n\n\n<p>c) Persistente Cookies werden automatisiert nach einer vorgegebenen Dauer gel\u00f6scht, die sich je nach Cookie unterscheiden kann. Sie k\u00f6nnen die Cookies in den Sicherheitseinstellungen Ihres Browsers jederzeit l\u00f6schen.<\/p>\n\n\n\n<p>d) Sie k\u00f6nnen Ihre Browser-Einstellung entsprechend Ihren W\u00fcnschen konfigurieren und z. B. die Annahme von Third-Party-Cookies oder allen Cookies ablehnen. Wir weisen Sie darauf hin, dass Sie eventuell nicht alle Funktionen dieser Website nutzen k\u00f6nnen.<\/p>\n\n\n\n<p><\/p>\n\n\n\n<h1 class=\"wp-block-heading\">Erkl\u00e4rung zur Barrierefreiheit<\/h1>\n\n\n\n<p>Die Theodor-Heuss-Grundschue Sandhausen ist bem\u00fcht, ihre Webseite in Einklang mit \u00a7 10 Absatz 1 des Landesbehindertengleichstellungsgesetzes (L-BGG) barrierefrei zug\u00e4nglich zu machen.<\/p>\n\n\n\n<p>Diese Erkl\u00e4rung zur Barrierefreiheit gilt f\u00fcr die Website www.fegs-oftersheim.de.<\/p>\n\n\n\n<p><\/p>\n\n\n\n<h4 class=\"wp-block-heading\">1. Stand der Vereinbarkeit mit den Anforderungen<\/h4>\n\n\n\n<p>Diese mobile Anwendung ist nicht mit \u00a7 10 Absatz 1 L-BGG vereinbar. Die Unvereinbarkeiten sind nachstehend aufgef\u00fchrt.<\/p>\n\n\n\n<h4 class=\"wp-block-heading\">&nbsp;<\/h4>\n\n\n\n<h4 class=\"wp-block-heading\">2. Nicht barrierefreie Inhalte<\/h4>\n\n\n\n<p>Die nachstehend aufgef\u00fchrten Inhalte sind aus den folgenden Gr\u00fcnden nicht barrierefrei:<\/p>\n\n\n\n<p>Unvereinbarkeit mit \u00a7 10 Absatz 1 L-BGG<br><\/p>\n\n\n\n<p>Es sind keine Erl\u00e4uterungen in Deutscher Geb\u00e4rdensprache vorhanden.<\/p>\n\n\n\n<p>Downloads, zum Beispiel PDF-Dateien, sind gegebenenfalls nicht barrierefrei.<\/p>\n\n\n\n<p>Kein ausreichender Kontrast zwischen Vorder- und Hintergrundfarbe.<\/p>\n\n\n\n<p>Schaltfl\u00e4chen sind nicht \u00fcber die Tastatur bedienbar.<\/p>\n\n\n\n<p>Die Erkl\u00e4rung ist nicht auf jeder Unterseite angezeigt.<\/p>\n\n\n\n<h4 class=\"wp-block-heading\">&nbsp;<\/h4>\n\n\n\n<h4 class=\"wp-block-heading\">3. Erstellung dieser Erkl\u00e4rung zur Barrierefreiheit<\/h4>\n\n\n\n<p>Diese Erkl\u00e4rung wurde am 01.02.2025 erstellt.<br><\/p>\n\n\n\n<p><strong>4. R\u00fcckmeldung und Kontaktangaben<\/strong><\/p>\n\n\n\n<p>Sind Ihnen M\u00e4ngel beim barrierefreien Zugang zu Inhalten auf unserer Website aufgefallen oder haben Sie Anmerkungen sowie Fragen zum barrierefreien Zugang? Melden Sie sich gerne unter<\/p>\n\n\n\n<p>Friedrich-Ebert-Schule Grundschule<\/p>\n\n\n\n<p>Mannheimer Str. 51<\/p>\n\n\n\n<p>68723 Oftersheim<\/p>\n\n\n\n<p>Telefon 06202 597151<\/p>\n\n\n\n<p>E-Mail&nbsp;info@fegs-oftersheim.de<\/p>\n\n\n\n<h4 class=\"wp-block-heading\">5. Schlichtungsverfahren<\/h4>\n\n\n\n<p>Wenn Sie der Meinung sind, dass die Webseiten nicht barrierefrei zug\u00e4nglich sind, k\u00f6nnen Sie unsere in Ziffer 4 genannte Stelle dar\u00fcber informieren.<br><br>Falls wir Ihnen nicht oder nicht zufriedenstellend innerhalb von vier Wochen ab Zugang Ihrer Anfrage antworten, k\u00f6nnen Sie sich an die Schlichtungsstelle des Landeszentrums Barrierefreiheit (LZ-BARR) wenden.<br><br>Die Schlichtungsstelle erreichen Sie wie folgt:<br><br>Landeszentrum Barrierefreiheit<br>Schlichtungsstelle<br>Else-Josenhans-Stra\u00dfe 6<br>70173 Stuttgart<br>Telefon: 0711 123 39375<br>E-Mail:&nbsp;<a href=\"mailto:schlichtung@barrierefreiheit.bwl.de\">schlichtung@barrierefreiheit.bwl.de<\/a><br>Webseite:&nbsp;<a href=\"https:\/\/barrierefreiheit-bw.de\/\">barrierefreiheit-bw.de<\/a><\/p>\n\n\n\n<p>Das Schlichtungsverfahren ist unentgeltlich.<\/p>\n\n\n\n<p>Auf die M\u00f6glichkeit des Verbandsklagerechts nach \u00a7 12 Absatz 1 Satz 1 Nummer 4 L-BGG wird hingewiesen.<\/p>\n","protected":false},"excerpt":{"rendered":"<p>Urheberrecht Rechtliche Hinweise: Das Layout der Homepage, die verwendeten Grafiken sowie Beitr\u00e4ge und Bilder sind urheberrechtlich gesch\u00fctzt. Jede Verwertung au\u00dferhalb der Grenzen des Urheberrechtsgesetzes ist ohne Genehmigung unzul\u00e4ssig. Texte, Bilder, Grafiken und Fotos sowie die Gestaltung dieser Internetseiten unterliegen dem Urheberrecht. Sie d\u00fcrfen von Ihnen nur zum privaten und sonstigen eigenen Gebrauch im Rahmen des [&hellip;]<\/p>\n","protected":false},"author":1,"featured_media":0,"parent":0,"menu_order":0,"comment_status":"closed","ping_status":"closed","template":"","meta":{"footnotes":""},"class_list":["post-25","page","type-page","status-publish","hentry","latest_post"],"jetpack_sharing_enabled":true,"_links":{"self":[{"href":"https:\/\/www.fegs-oftersheim.de\/index.php\/wp-json\/wp\/v2\/pages\/25","targetHints":{"allow":["GET"]}}],"collection":[{"href":"https:\/\/www.fegs-oftersheim.de\/index.php\/wp-json\/wp\/v2\/pages"}],"about":[{"href":"https:\/\/www.fegs-oftersheim.de\/index.php\/wp-json\/wp\/v2\/types\/page"}],"author":[{"embeddable":true,"href":"https:\/\/www.fegs-oftersheim.de\/index.php\/wp-json\/wp\/v2\/users\/1"}],"replies":[{"embeddable":true,"href":"https:\/\/www.fegs-oftersheim.de\/index.php\/wp-json\/wp\/v2\/comments?post=25"}],"version-history":[{"count":5,"href":"https:\/\/www.fegs-oftersheim.de\/index.php\/wp-json\/wp\/v2\/pages\/25\/revisions"}],"predecessor-version":[{"id":126,"href":"https:\/\/www.fegs-oftersheim.de\/index.php\/wp-json\/wp\/v2\/pages\/25\/revisions\/126"}],"wp:attachment":[{"href":"https:\/\/www.fegs-oftersheim.de\/index.php\/wp-json\/wp\/v2\/media?parent=25"}],"curies":[{"name":"wp","href":"https:\/\/api.w.org\/{rel}","templated":true}]}}